{"id":228,"date":"2019-09-01T19:41:30","date_gmt":"2019-09-01T19:41:30","guid":{"rendered":"http:\/\/www.fuve.cz\/?page_id=228"},"modified":"2019-09-01T19:41:30","modified_gmt":"2019-09-01T19:41:30","slug":"chytry-dum","status":"publish","type":"page","link":"https:\/\/wp2.emouse.eu\/?page_id=228","title":{"rendered":"Chytr\u00fd d\u016fm"},"content":{"rendered":"<p>[vc_row][vc_column][vc_column_text]<\/p>\n<div class=\"mb-3 heading\">\n<h1 class=\"mb-3\">Chytr\u00e9 bydlen\u00ed pro ka\u017ed\u00fd d\u016fm<\/h1>\n<\/div>\n<div class=\"mb-3 subheading\">\u017d\u00e1dn\u00e9 scifi, ale re\u00e1ln\u00e9 a dostupn\u00e9 pohodl\u00ed<\/div>\n<p>[\/vc_column_text][\/vc_column][\/vc_row][vc_row][vc_column][vc_column_text]P\u0159edstavte si, \u017ee p\u0159ijdete dom\u016f a pouh\u00fdm jedn\u00edm dotykem se v\u00e1m d\u016fm p\u0159izp\u016fsob\u00ed. Zm\u011bn\u00ed intenzitu a barvu osv\u011btlen\u00ed za doprovodu va\u0161\u00ed obl\u00edben\u00e9 hudby. P\u0159ed koncem filmu si nech\u00e1te p\u0159ipravit horkou l\u00e1ze\u0148, nah\u0159ejte saunu a drahou polovi\u010dku nech\u00e1te uvolnit v mas\u00e1\u017en\u00ed v\u00ed\u0159ivce.[\/vc_column_text][\/vc_column][\/vc_row][vc_row][vc_column width=&#8220;1\/2&#8243;][vc_column_text]<\/p>\n<h2>Dom\u00e1c\u00ed inteligentn\u00ed syst\u00e9m<\/h2>\n<p>Chytr\u00fd d\u016fm se postar\u00e1 o v\u0161e, s \u010d\u00edm jste se museli nam\u00e1hat p\u0159edt\u00edm sami. Zp\u016fsob ovl\u00e1d\u00e1n\u00ed je na v\u00e1s, tablet, dotykov\u00fd panel, chytr\u00e1 televize nebo jen v\u00e1\u0161 telefon, v\u00e1m p\u0159inese nev\u00eddan\u00fd komfort. M\u016f\u017eete ovl\u00e1dat osv\u011btlen\u00ed, regulovat teplotu, vlhkost vzduchu, audio\/video, monitorovat interi\u00e9r a exteri\u00e9r pomoc\u00ed kamerov\u00e9ho syst\u00e9mu. Chytr\u00fd d\u016fm m\u00e1te pod kontrolou nejen doma, ale i z pr\u00e1ce nebo zahrani\u010d\u00ed.[\/vc_column_text][\/vc_column][vc_column width=&#8220;1\/2&#8243;][vc_single_image image=&#8220;3318&#8243; img_size=&#8220;medium&#8220; alignment=&#8220;center&#8220;][\/vc_column][\/vc_row][vc_row][vc_column width=&#8220;1\/2&#8243;][vc_single_image image=&#8220;3319&#8243; img_size=&#8220;medium&#8220; alignment=&#8220;center&#8220;][\/vc_column][vc_column width=&#8220;1\/2&#8243;][vc_column_text]<\/p>\n<h2>Ovl\u00e1d\u00e1n\u00ed cel\u00e9ho domu<\/h2>\n<p>V\u00e1\u0161 chytr\u00fd d\u016fm m\u016f\u017eete ovl\u00e1dat z domova, z pr\u00e1ce i odkudkoliv na sv\u011bt\u011b. Na cest\u00e1ch ocen\u00edte p\u0159\u00edstup z mobiln\u00ed aplikace, ovl\u00e1d\u00e1n\u00ed p\u0159es tablet nebo doma na dotykov\u00fdch panelech p\u0159es d\u00e1lkov\u00e9 ovl\u00e1d\u00e1n\u00ed, st\u011bnov\u00fd vyp\u00edna\u010d nebo chytrou televizi. Vysokou rychlost p\u0159enosu dat a n\u00edzkou prodlevu v odezv\u011b zaji\u0161\u0165uj\u00ed n\u00e1mi dodan\u00e9 kvalitn\u00ed s\u00ed\u0165ov\u00e9 prvky.[\/vc_column_text][\/vc_column][\/vc_row][vc_row][vc_column width=&#8220;1\/2&#8243;][vc_column_text]<\/p>\n<h2>Zabezpe\u010den\u00ed v kapse<\/h2>\n<p>Bezpe\u010dn\u00e1 a ni\u010d\u00edm neru\u0161en\u00e1 dom\u00e1cnost je s na\u0161\u00edm syst\u00e9mem samoz\u0159ejmost\u00ed. Budete m\u00edt dokonal\u00fd p\u0159ehled ve v\u0161ech m\u00edstnostech. V r\u00e1mci zabezpe\u010den\u00ed ocen\u00edte domovn\u00ed interkom s kvalitn\u00ed kamerou, na kterou se vzd\u00e1len\u011b p\u0159ipoj\u00edte t\u0159eba z tabletu nebo mobilu. Doma jej pohodln\u011b obslou\u017e\u00edte t\u0159eba p\u0159es dotykov\u00fd panel. M\u016f\u017eete tak pohodln\u011b komunikovat s n\u00e1v\u0161t\u011bvami u dve\u0159\u00ed, s hosty na zahrad\u011b nebo kontrolovat d\u011bti v post\u00fdlce. Syst\u00e9my z\u00e1rove\u0148 hl\u00eddaj\u00ed zabezpe\u010den\u00ed dom\u00e1cnosti, z\u00e1vady spot\u0159ebi\u010d\u016f a hl\u00e1s\u00ed neo\u010dek\u00e1van\u00e9 situace.[\/vc_column_text][\/vc_column][vc_column width=&#8220;1\/2&#8243;][vc_single_image image=&#8220;3317&#8243; img_size=&#8220;medium&#8220; alignment=&#8220;center&#8220;][\/vc_column][\/vc_row]<\/p>\n","protected":false},"excerpt":{"rendered":"<p>[vc_row][vc_column][vc_column_text] Chytr\u00e9 bydlen\u00ed pro ka\u017ed\u00fd d\u016fm \u017d\u00e1dn\u00e9 scifi, ale re\u00e1ln\u00e9 a dostupn\u00e9 pohodl\u00ed [\/vc_column_text][\/vc_column][\/vc_row][vc_row][vc_column][vc_column_text]P\u0159edstavte si, \u017ee p\u0159ijdete dom\u016f a pouh\u00fdm jedn\u00edm dotykem se v\u00e1m d\u016fm p\u0159izp\u016fsob\u00ed. Zm\u011bn\u00ed intenzitu a barvu osv\u011btlen\u00ed za doprovodu va\u0161\u00ed obl\u00edben\u00e9 hudby. P\u0159ed koncem filmu si nech\u00e1te p\u0159ipravit horkou l\u00e1ze\u0148, nah\u0159ejte saunu a drahou polovi\u010dku nech\u00e1te uvolnit v mas\u00e1\u017en\u00ed v\u00ed\u0159ivce.[\/vc_column_text][\/vc_column][\/vc_row][vc_row][vc_column width=&#8220;1\/2&#8243;][vc_column_text]&#8230;<\/p>\n","protected":false},"author":1,"featured_media":0,"parent":1183,"menu_order":0,"comment_status":"closed","ping_status":"closed","template":"","meta":{"_kadence_starter_templates_imported_post":false,"_kad_post_transparent":"default","_kad_post_title":"default","_kad_post_layout":"default","_kad_post_sidebar_id":"","_kad_post_content_style":"default","_kad_post_vertical_padding":"default","_kad_post_feature":"","_kad_post_feature_position":"","_kad_post_header":false,"_kad_post_footer":false,"_kad_post_classname":"","footnotes":""},"class_list":["post-228","page","type-page","status-publish","hentry"],"_links":{"self":[{"href":"https:\/\/wp2.emouse.eu\/index.php?rest_route=\/wp\/v2\/pages\/228","targetHints":{"allow":["GET"]}}],"collection":[{"href":"https:\/\/wp2.emouse.eu\/index.php?rest_route=\/wp\/v2\/pages"}],"about":[{"href":"https:\/\/wp2.emouse.eu\/index.php?rest_route=\/wp\/v2\/types\/page"}],"author":[{"embeddable":true,"href":"https:\/\/wp2.emouse.eu\/index.php?rest_route=\/wp\/v2\/users\/1"}],"replies":[{"embeddable":true,"href":"https:\/\/wp2.emouse.eu\/index.php?rest_route=%2Fwp%2Fv2%2Fcomments&post=228"}],"version-history":[{"count":0,"href":"https:\/\/wp2.emouse.eu\/index.php?rest_route=\/wp\/v2\/pages\/228\/revisions"}],"up":[{"embeddable":true,"href":"https:\/\/wp2.emouse.eu\/index.php?rest_route=\/wp\/v2\/pages\/1183"}],"wp:attachment":[{"href":"https:\/\/wp2.emouse.eu\/index.php?rest_route=%2Fwp%2Fv2%2Fmedia&parent=228"}],"curies":[{"name":"wp","href":"https:\/\/api.w.org\/{rel}","templated":true}]}}